{"id":3281,"date":"2022-02-28T11:36:52","date_gmt":"2022-02-28T10:36:52","guid":{"rendered":"https:\/\/ortodoncija-ivanec.hr\/o-nas\/"},"modified":"2026-04-20T18:06:42","modified_gmt":"2026-04-20T16:06:42","slug":"o-nas","status":"publish","type":"page","link":"https:\/\/ortodoncija-ivanec.hr\/sl\/o-nas\/","title":{"rendered":"O nas"},"content":{"rendered":"\t\t<div data-elementor-type=\"wp-page\" data-elementor-id=\"3281\" class=\"elementor elementor-3281 elementor-2341\" data-elementor-settings=\"[]\">\n\t\t\t\t\t\t\t<div class=\"elementor-section-wrap\">\n\t\t\t\t\t\t\t<section class=\"elementor-section elementor-top-section elementor-element elementor-element-b25d2b3 elementor-section-full_width elementor-section-height-default elementor-section-height-default\" data-id=\"b25d2b3\" data-element_type=\"section\">\n\t\t\t\t\t\t<div class=\"elementor-container elementor-column-gap-default\">\n\t\t\t\t\t<div class=\"elementor-column elementor-col-100 elementor-top-column elementor-element elementor-element-b6bd290\" data-id=\"b6bd290\" data-element_type=\"column\">\n\t\t\t<div class=\"elementor-widget-wrap elementor-element-populated\">\n\t\t\t\t\t\t\t\t<div class=\"elementor-element elementor-element-da88ee3 elementor-widget elementor-widget-image\" data-id=\"da88ee3\" data-element_type=\"widget\" data-widget_type=\"image.default\">\n\t\t\t\t<div class=\"elementor-widget-container\">\n\t\t\t<style>\/*! elementor - v3.5.2 - 22-12-2021 *\/\n.elementor-widget-image{text-align:center}.elementor-widget-image a{display:inline-block}.elementor-widget-image a img[src$=\".svg\"]{width:48px}.elementor-widget-image img{vertical-align:middle;display:inline-block}<\/style>\t\t\t\t\t\t\t\t\t\t\t\t<img loading=\"lazy\" decoding=\"async\" width=\"1024\" height=\"716\" src=\"https:\/\/ortodoncija-ivanec.hr\/wp-content\/uploads\/2022\/01\/mm-mala2-1024x716.jpg\" class=\"attachment-large size-large\" alt=\"\" srcset=\"https:\/\/ortodoncija-ivanec.hr\/wp-content\/uploads\/2022\/01\/mm-mala2-1024x716.jpg 1024w, https:\/\/ortodoncija-ivanec.hr\/wp-content\/uploads\/2022\/01\/mm-mala2-300x210.jpg 300w, https:\/\/ortodoncija-ivanec.hr\/wp-content\/uploads\/2022\/01\/mm-mala2-768x537.jpg 768w, https:\/\/ortodoncija-ivanec.hr\/wp-content\/uploads\/2022\/01\/mm-mala2-370x259.jpg 370w, https:\/\/ortodoncija-ivanec.hr\/wp-content\/uploads\/2022\/01\/mm-mala2-760x531.jpg 760w, https:\/\/ortodoncija-ivanec.hr\/wp-content\/uploads\/2022\/01\/mm-mala2.jpg 1500w\" sizes=\"auto, (max-width: 1024px) 100vw, 1024px\" \/>\t\t\t\t\t\t\t\t\t\t\t\t\t\t\t<\/div>\n\t\t\t\t<\/div>\n\t\t\t\t\t<\/div>\n\t\t<\/div>\n\t\t\t\t\t\t\t<\/div>\n\t\t<\/section>\n\t\t\t\t<section class=\"elementor-section elementor-top-section elementor-element elementor-element-1df51dc3 elementor-section-content-middle elementor-section-boxed elementor-section-height-default elementor-section-height-default\" data-id=\"1df51dc3\" data-element_type=\"section\">\n\t\t\t\t\t\t<div class=\"elementor-container elementor-column-gap-no\">\n\t\t\t\t\t<div class=\"elementor-column elementor-col-100 elementor-top-column elementor-element elementor-element-61495b19\" data-id=\"61495b19\" data-element_type=\"column\">\n\t\t\t<div class=\"elementor-widget-wrap elementor-element-populated\">\n\t\t\t\t\t\t\t\t<div class=\"elementor-element elementor-element-cf2d7a0 elementor-widget elementor-widget-heading\" data-id=\"cf2d7a0\" data-element_type=\"widget\" data-widget_type=\"heading.default\">\n\t\t\t\t<div class=\"elementor-widget-container\">\n\t\t\t<style>\/*! elementor - v3.5.2 - 22-12-2021 *\/\n.elementor-heading-title{padding:0;margin:0;line-height:1}.elementor-widget-heading .elementor-heading-title[class*=elementor-size-]>a{color:inherit;font-size:inherit;line-height:inherit}.elementor-widget-heading .elementor-heading-title.elementor-size-small{font-size:15px}.elementor-widget-heading .elementor-heading-title.elementor-size-medium{font-size:19px}.elementor-widget-heading .elementor-heading-title.elementor-size-large{font-size:29px}.elementor-widget-heading .elementor-heading-title.elementor-size-xl{font-size:39px}.elementor-widget-heading .elementor-heading-title.elementor-size-xxl{font-size:59px}<\/style><h2 class=\"elementor-heading-title elementor-size-default\">O nas<\/h2>\t\t<\/div>\n\t\t\t\t<\/div>\n\t\t\t\t<div class=\"elementor-element elementor-element-1d8c1f85 elementor-widget elementor-widget-text-editor\" data-id=\"1d8c1f85\" data-element_type=\"widget\" data-widget_type=\"text-editor.default\">\n\t\t\t\t<div class=\"elementor-widget-container\">\n\t\t\t<style>\/*! elementor - v3.5.2 - 22-12-2021 *\/\n.elementor-widget-text-editor.elementor-drop-cap-view-stacked .elementor-drop-cap{background-color:#818a91;color:#fff}.elementor-widget-text-editor.elementor-drop-cap-view-framed .elementor-drop-cap{color:#818a91;border:3px solid;background-color:transparent}.elementor-widget-text-editor:not(.elementor-drop-cap-view-default) .elementor-drop-cap{margin-top:8px}.elementor-widget-text-editor:not(.elementor-drop-cap-view-default) .elementor-drop-cap-letter{width:1em;height:1em}.elementor-widget-text-editor .elementor-drop-cap{float:left;text-align:center;line-height:1;font-size:50px}.elementor-widget-text-editor .elementor-drop-cap-letter{display:inline-block}<\/style>\t\t\t\t<p>Zobozdravstvena ordinacija z ortodontskimi storitvami dr. Ivanec Sapunar je svoja vrata odprla leta 1996. Od takrat se krog zadovoljnih pacientov iz Hrva\u0161ke in zahodne Evrope neprestano \u0161iri. Z nenehnim spremljanjem vseh dogajanj na podro\u010dju sodobnega zobozdravstva s poudarkom na ortodontiji Vam zagotavljamo najvi\u0161je strokovne standarde.<br \/>Redno strokovno izpopolnjevanje in izobra\u017eevanje ter zadovoljstvo pacientov so osnovna na\u010dela na\u0161ega dela.<br \/>Strokoven in individualen pristop do pacientov ustvarja posebno ozra\u010dje za na\u0161e predano delo.<\/p><p>Delovni \u010das ordinacije je ob ponedeljkih in sredah od 14 h do 20 h, ob torkih in petkih od 8 h do 14 h, ob \u010detrtkih ob 09 h do 15 h.<\/p><p>Ordinacija se nahaja na naslovu: Zagreb, Cirkovljanska 2.<\/p><p>Parkirna mesta so vedno dostopna in brezpla\u010dna.<\/p><p>Nahajamo se na vhodu v mesto Zagreb, samo 20 minut vo\u017enje po avtocesti od mejnega prehoda Obre\u017eje (Bre\u017eice).<\/p><p>Naro\u010dite se lahko na telefon, preko e-maila ali <a href=\"http:\/\/ortodoncija-ivanec.hr\/kontakt\/?lang=sl\">na\u0161e spletni strani<\/a>.<\/p><p>Spremljajte nas na <a href=\"http:\/\/ortodoncija-ivanec.hr\/kontakt\/?lang=de\">Facebooku<\/a>, <a href=\"https:\/\/www.youtube.com\/channel\/UCSvDAzoQY1tTzvbxw09QT9w\">YouTubu<\/a> ali <a href=\"https:\/\/www.instagram.com\/ortodoncija_ivanec_sapunar\/\">Instagramu<\/a><\/p><p>Dobrodo\u0161li!<\/p>\t\t\t\t\t\t<\/div>\n\t\t\t\t<\/div>\n\t\t\t\t\t<\/div>\n\t\t<\/div>\n\t\t\t\t\t\t\t<\/div>\n\t\t<\/section>\n\t\t\t\t<section class=\"elementor-section elementor-top-section elementor-element elementor-element-3962c2d elementor-section-boxed elementor-section-height-default elementor-section-height-default\" data-id=\"3962c2d\" data-element_type=\"section\" data-settings=\"{&quot;background_background&quot;:&quot;classic&quot;}\">\n\t\t\t\t\t\t<div class=\"elementor-container elementor-column-gap-default\">\n\t\t\t\t\t<div class=\"elementor-column elementor-col-100 elementor-top-column elementor-element elementor-element-f5d0f32\" data-id=\"f5d0f32\" data-element_type=\"column\">\n\t\t\t<div class=\"elementor-widget-wrap elementor-element-populated\">\n\t\t\t\t\t\t\t\t<div class=\"elementor-element elementor-element-1c1ac23 elementor-widget elementor-widget-text-editor\" data-id=\"1c1ac23\" data-element_type=\"widget\" data-widget_type=\"text-editor.default\">\n\t\t\t\t<div class=\"elementor-widget-container\">\n\t\t\t\t\t\t\t<p>Verjamemo, da ima lahko vsakgo zdrav nasmeh celo \u017eivljenje. Z na\u0161o pomo\u010djo je veliko la\u017eje, kot si predstavljate. Na\u0161im pacientom pomagamo da bolj kakovovostnega \u017eivljenja tako, da poskrbimo za njihovo dobro oralno zdravje.\u00a0<\/p>\t\t\t\t\t\t<\/div>\n\t\t\t\t<\/div>\n\t\t\t\t\t<\/div>\n\t\t<\/div>\n\t\t\t\t\t\t\t<\/div>\n\t\t<\/section>\n\t\t\t\t<section class=\"elementor-section elementor-top-section elementor-element elementor-element-2d6bec1 elementor-section-height-min-height elementor-section-boxed elementor-section-height-default elementor-section-items-middle\" data-id=\"2d6bec1\" data-element_type=\"section\" data-settings=\"{&quot;background_background&quot;:&quot;classic&quot;}\">\n\t\t\t\t\t\t<div class=\"elementor-container elementor-column-gap-default\">\n\t\t\t\t\t<div class=\"elementor-column elementor-col-100 elementor-top-column elementor-element elementor-element-4d076d8\" data-id=\"4d076d8\" data-element_type=\"column\">\n\t\t\t<div class=\"elementor-widget-wrap elementor-element-populated\">\n\t\t\t\t\t\t\t\t<div class=\"elementor-element elementor-element-212bb9a elementor-widget elementor-widget-heading\" data-id=\"212bb9a\" data-element_type=\"widget\" data-widget_type=\"heading.default\">\n\t\t\t\t<div class=\"elementor-widget-container\">\n\t\t\t<h2 class=\"elementor-heading-title elementor-size-default\">Na\u0161a misija<\/h2>\t\t<\/div>\n\t\t\t\t<\/div>\n\t\t\t\t<div class=\"elementor-element elementor-element-99b71c3 elementor-widget elementor-widget-text-editor\" data-id=\"99b71c3\" data-element_type=\"widget\" data-widget_type=\"text-editor.default\">\n\t\t\t\t<div class=\"elementor-widget-container\">\n\t\t\t\t\t\t\t<p>Na\u0161 cilj je v vseh \u017eivljenjskih obdobjih brez bole\u010din in z najnovej\u0161imi tehnologijami in materiali omogo\u010diti lep nasmeh na Va\u0161em obrazu, ki ni pomemben samo z estetskega vidika, ampak predvsem zaradi zdravja!\u00a0Ortodontski aparati za lep\u0161i in bolj zdrav nasmeh!<\/p>\t\t\t\t\t\t<\/div>\n\t\t\t\t<\/div>\n\t\t\t\t\t<\/div>\n\t\t<\/div>\n\t\t\t\t\t\t\t<\/div>\n\t\t<\/section>\n\t\t\t\t<section class=\"elementor-section elementor-top-section elementor-element elementor-element-7dbb3cb elementor-section-content-middle elementor-section-boxed elementor-section-height-default elementor-section-height-default\" data-id=\"7dbb3cb\" data-element_type=\"section\">\n\t\t\t\t\t\t<div class=\"elementor-container elementor-column-gap-no\">\n\t\t\t\t\t<div class=\"elementor-column elementor-col-100 elementor-top-column elementor-element elementor-element-4e22375\" data-id=\"4e22375\" data-element_type=\"column\">\n\t\t\t<div class=\"elementor-widget-wrap elementor-element-populated\">\n\t\t\t\t\t\t\t\t<div class=\"elementor-element elementor-element-705ce60 elementor-widget elementor-widget-heading\" data-id=\"705ce60\" data-element_type=\"widget\" data-widget_type=\"heading.default\">\n\t\t\t\t<div class=\"elementor-widget-container\">\n\t\t\t<h2 class=\"elementor-heading-title elementor-size-default\">Na\u0161a tim<\/h2>\t\t<\/div>\n\t\t\t\t<\/div>\n\t\t\t\t\t<\/div>\n\t\t<\/div>\n\t\t\t\t\t\t\t<\/div>\n\t\t<\/section>\n\t\t\t\t<section class=\"elementor-section elementor-top-section elementor-element elementor-element-f7bfbc4 elementor-section-boxed elementor-section-height-default elementor-section-height-default\" data-id=\"f7bfbc4\" data-element_type=\"section\" data-settings=\"{&quot;background_background&quot;:&quot;classic&quot;}\">\n\t\t\t\t\t\t<div class=\"elementor-container elementor-column-gap-default\">\n\t\t\t\t\t<div class=\"elementor-column elementor-col-33 elementor-top-column elementor-element elementor-element-b065118\" data-id=\"b065118\" data-element_type=\"column\" data-settings=\"{&quot;background_background&quot;:&quot;classic&quot;}\">\n\t\t\t<div class=\"elementor-widget-wrap elementor-element-populated\">\n\t\t\t\t\t\t\t\t<div class=\"elementor-element elementor-element-aeeec31 elementor-widget elementor-widget-image\" data-id=\"aeeec31\" data-element_type=\"widget\" data-widget_type=\"image.default\">\n\t\t\t\t<div class=\"elementor-widget-container\">\n\t\t\t\t\t\t\t\t\t\t\t\t\t\t\t<img loading=\"lazy\" decoding=\"async\" width=\"1024\" height=\"1024\" src=\"https:\/\/ortodoncija-ivanec.hr\/wp-content\/uploads\/2021\/09\/untitled-79-Edit.jpg.webp\" class=\"elementor-animation-grow attachment-large size-large\" alt=\"\" srcset=\"https:\/\/ortodoncija-ivanec.hr\/wp-content\/uploads\/2021\/09\/untitled-79-Edit.jpg.webp 1024w, https:\/\/ortodoncija-ivanec.hr\/wp-content\/uploads\/2021\/09\/untitled-79-Edit.jpg-300x300.webp 300w, https:\/\/ortodoncija-ivanec.hr\/wp-content\/uploads\/2021\/09\/untitled-79-Edit.jpg-150x150.webp 150w, https:\/\/ortodoncija-ivanec.hr\/wp-content\/uploads\/2021\/09\/untitled-79-Edit.jpg-768x768.webp 768w, https:\/\/ortodoncija-ivanec.hr\/wp-content\/uploads\/2021\/09\/untitled-79-Edit.jpg-370x370.webp 370w, https:\/\/ortodoncija-ivanec.hr\/wp-content\/uploads\/2021\/09\/untitled-79-Edit.jpg-90x90.webp 90w, https:\/\/ortodoncija-ivanec.hr\/wp-content\/uploads\/2021\/09\/untitled-79-Edit.jpg-760x760.webp 760w, https:\/\/ortodoncija-ivanec.hr\/wp-content\/uploads\/2021\/09\/untitled-79-Edit.jpg-600x600.webp 600w, https:\/\/ortodoncija-ivanec.hr\/wp-content\/uploads\/2021\/09\/untitled-79-Edit.jpg-100x100.webp 100w\" sizes=\"auto, (max-width: 1024px) 100vw, 1024px\" \/>\t\t\t\t\t\t\t\t\t\t\t\t\t\t\t<\/div>\n\t\t\t\t<\/div>\n\t\t\t\t\t<\/div>\n\t\t<\/div>\n\t\t\t\t<div class=\"elementor-column elementor-col-66 elementor-top-column elementor-element elementor-element-fcfb576\" data-id=\"fcfb576\" data-element_type=\"column\" data-settings=\"{&quot;background_background&quot;:&quot;classic&quot;}\">\n\t\t\t<div class=\"elementor-widget-wrap elementor-element-populated\">\n\t\t\t\t\t\t\t\t<div class=\"elementor-element elementor-element-f7b3742 elementor-widget elementor-widget-heading\" data-id=\"f7b3742\" data-element_type=\"widget\" data-widget_type=\"heading.default\">\n\t\t\t\t<div class=\"elementor-widget-container\">\n\t\t\t<h2 class=\"elementor-heading-title elementor-size-default\">Ru\u017eica Ivanec<\/h2>\t\t<\/div>\n\t\t\t\t<\/div>\n\t\t\t\t<div class=\"elementor-element elementor-element-a53deac elementor-widget elementor-widget-menu-anchor\" data-id=\"a53deac\" data-element_type=\"widget\" data-widget_type=\"menu-anchor.default\">\n\t\t\t\t<div class=\"elementor-widget-container\">\n\t\t\t<style>\/*! elementor - v3.5.2 - 22-12-2021 *\/\nbody.elementor-page .elementor-widget-menu-anchor{margin-bottom:0}<\/style>\t\t<div id=\"ruzica\" class=\"elementor-menu-anchor\"><\/div>\n\t\t\t\t<\/div>\n\t\t\t\t<\/div>\n\t\t\t\t<div class=\"elementor-element elementor-element-3d8bc42 elementor-widget elementor-widget-text-editor\" data-id=\"3d8bc42\" data-element_type=\"widget\" data-widget_type=\"text-editor.default\">\n\t\t\t\t<div class=\"elementor-widget-container\">\n\t\t\t\t\t\t\t<p>dr.med.dent., spec.ortodont<\/p>\t\t\t\t\t\t<\/div>\n\t\t\t\t<\/div>\n\t\t\t\t<div class=\"elementor-element elementor-element-cb2bc1d elementor-widget elementor-widget-text-editor\" data-id=\"cb2bc1d\" data-element_type=\"widget\" data-widget_type=\"text-editor.default\">\n\t\t\t\t<div class=\"elementor-widget-container\">\n\t\t\t\t\t\t\t<p>Ru\u017eica Ivanec, dr. dent. med., spec. \u010deljustne in zobne ortopedije, je diplomirala na Stomatolo\u0161ki fakulteti Univerze v Zagrebu leta 1970. Specializacijo na podro\u010dju ortodontije je opravila leta 1992. Po pridobljeni fakultetni izobrazbi se je redno strokovno izpopolnjevala na \u0161tevilnih naprednih stomatolo\u0161kih te\u010dajih in kongresih tako na Hrva\u0161kem kot v tujini. \u00a0Je redni \u010dlan Hrva\u0161kega zdru\u017eenja za dentalno medicino in Hrva\u0161kega dru\u0161tva ortodontov.<\/p>\t\t\t\t\t\t<\/div>\n\t\t\t\t<\/div>\n\t\t\t\t\t<\/div>\n\t\t<\/div>\n\t\t\t\t\t\t\t<\/div>\n\t\t<\/section>\n\t\t\t\t<section class=\"elementor-section elementor-top-section elementor-element elementor-element-16726a0 elementor-section-boxed elementor-section-height-default elementor-section-height-default\" data-id=\"16726a0\" data-element_type=\"section\">\n\t\t\t\t\t\t<div class=\"elementor-container elementor-column-gap-default\">\n\t\t\t\t\t<div class=\"elementor-column elementor-col-33 elementor-top-column elementor-element elementor-element-63a432b\" data-id=\"63a432b\" data-element_type=\"column\" data-settings=\"{&quot;background_background&quot;:&quot;classic&quot;}\">\n\t\t\t<div class=\"elementor-widget-wrap elementor-element-populated\">\n\t\t\t\t\t\t\t\t<div class=\"elementor-element elementor-element-6de0a72 elementor-widget elementor-widget-image\" data-id=\"6de0a72\" data-element_type=\"widget\" data-widget_type=\"image.default\">\n\t\t\t\t<div class=\"elementor-widget-container\">\n\t\t\t\t\t\t\t\t\t\t\t\t\t\t\t<img loading=\"lazy\" decoding=\"async\" width=\"1024\" height=\"1024\" src=\"https:\/\/ortodoncija-ivanec.hr\/wp-content\/uploads\/2021\/09\/untitled-71-Edit.jpg.webp\" class=\"elementor-animation-grow attachment-large size-large\" alt=\"\" srcset=\"https:\/\/ortodoncija-ivanec.hr\/wp-content\/uploads\/2021\/09\/untitled-71-Edit.jpg.webp 1024w, https:\/\/ortodoncija-ivanec.hr\/wp-content\/uploads\/2021\/09\/untitled-71-Edit.jpg-300x300.webp 300w, https:\/\/ortodoncija-ivanec.hr\/wp-content\/uploads\/2021\/09\/untitled-71-Edit.jpg-150x150.webp 150w, https:\/\/ortodoncija-ivanec.hr\/wp-content\/uploads\/2021\/09\/untitled-71-Edit.jpg-768x768.webp 768w, https:\/\/ortodoncija-ivanec.hr\/wp-content\/uploads\/2021\/09\/untitled-71-Edit.jpg-370x370.webp 370w, https:\/\/ortodoncija-ivanec.hr\/wp-content\/uploads\/2021\/09\/untitled-71-Edit.jpg-90x90.webp 90w, https:\/\/ortodoncija-ivanec.hr\/wp-content\/uploads\/2021\/09\/untitled-71-Edit.jpg-760x760.webp 760w, https:\/\/ortodoncija-ivanec.hr\/wp-content\/uploads\/2021\/09\/untitled-71-Edit.jpg-600x600.webp 600w, https:\/\/ortodoncija-ivanec.hr\/wp-content\/uploads\/2021\/09\/untitled-71-Edit.jpg-100x100.webp 100w\" sizes=\"auto, (max-width: 1024px) 100vw, 1024px\" \/>\t\t\t\t\t\t\t\t\t\t\t\t\t\t\t<\/div>\n\t\t\t\t<\/div>\n\t\t\t\t\t<\/div>\n\t\t<\/div>\n\t\t\t\t<div class=\"elementor-column elementor-col-66 elementor-top-column elementor-element elementor-element-6540baa\" data-id=\"6540baa\" data-element_type=\"column\" data-settings=\"{&quot;background_background&quot;:&quot;classic&quot;}\">\n\t\t\t<div class=\"elementor-widget-wrap elementor-element-populated\">\n\t\t\t\t\t\t\t\t<div class=\"elementor-element elementor-element-fe60a6c elementor-widget elementor-widget-heading\" data-id=\"fe60a6c\" data-element_type=\"widget\" data-widget_type=\"heading.default\">\n\t\t\t\t<div class=\"elementor-widget-container\">\n\t\t\t<h2 class=\"elementor-heading-title elementor-size-default\">Martina Ivanec Sapunar<\/h2>\t\t<\/div>\n\t\t\t\t<\/div>\n\t\t\t\t<div class=\"elementor-element elementor-element-ccaa168 elementor-widget elementor-widget-text-editor\" data-id=\"ccaa168\" data-element_type=\"widget\" data-widget_type=\"text-editor.default\">\n\t\t\t\t<div class=\"elementor-widget-container\">\n\t\t\t\t\t\t\t<p>dr.med.dent., spec.ortodont<\/p>\t\t\t\t\t\t<\/div>\n\t\t\t\t<\/div>\n\t\t\t\t<div class=\"elementor-element elementor-element-66b2ccf elementor-widget elementor-widget-text-editor\" data-id=\"66b2ccf\" data-element_type=\"widget\" data-widget_type=\"text-editor.default\">\n\t\t\t\t<div class=\"elementor-widget-container\">\n\t\t\t\t\t\t\t<p>Mr. sc. Martina Ivanec Sapunar, dr. dent. med., spec. \u010deljustne in zobne ortopedije, je diplomirala na Stomatolo\u0161ki fakulteti Univerze v Zagrebu leta 1996. Magistrirala je na podro\u010dju biomedicinskih znanosti leta 2002, ko je opravila tudi specializacijo na podro\u010dju ortodontije.<br \/>Opravila je \u0161tevilne mednarodne ortodontske te\u010daje v priznanih ortodontskih ustanovah. Pridobila je tudi DAMON System i i INVISALIGN certifikate.<\/p><p>Leta 2024 postaja Invisalign klini\u010dni predavatelj.<\/p><p>Objavila je ve\u010dje \u0161tevilo znanstvenih del, ki jih je predstavila na doma\u010dih in mednarodnih kongresih. Je redni \u010dlan Hrva\u0161kega zdru\u017eenja za dentalno medicino in Hrva\u0161kega dru\u0161tva ortodontov.<br \/>Redno se izpopolnjuje na raznih strokovnih kongresih in te\u010dajih doma in v tujini.<\/p>\t\t\t\t\t\t<\/div>\n\t\t\t\t<\/div>\n\t\t\t\t\t<\/div>\n\t\t<\/div>\n\t\t\t\t\t\t\t<\/div>\n\t\t<\/section>\n\t\t\t\t<section class=\"elementor-section elementor-top-section elementor-element elementor-element-0453c37 elementor-section-boxed elementor-section-height-default elementor-section-height-default\" data-id=\"0453c37\" data-element_type=\"section\">\n\t\t\t\t\t\t<div class=\"elementor-container elementor-column-gap-default\">\n\t\t\t\t\t<div class=\"elementor-column elementor-col-33 elementor-top-column elementor-element elementor-element-55ae515\" data-id=\"55ae515\" data-element_type=\"column\" data-settings=\"{&quot;background_background&quot;:&quot;classic&quot;}\">\n\t\t\t<div class=\"elementor-widget-wrap elementor-element-populated\">\n\t\t\t\t\t\t\t\t<div class=\"elementor-element elementor-element-0acffdb elementor-widget elementor-widget-image\" data-id=\"0acffdb\" data-element_type=\"widget\" data-widget_type=\"image.default\">\n\t\t\t\t<div class=\"elementor-widget-container\">\n\t\t\t\t\t\t\t\t\t\t\t\t\t\t\t<img loading=\"lazy\" decoding=\"async\" width=\"1000\" height=\"1000\" src=\"https:\/\/ortodoncija-ivanec.hr\/wp-content\/uploads\/2022\/01\/nova-asistentica.jpg\" class=\"elementor-animation-grow attachment-large size-large\" alt=\"\" srcset=\"https:\/\/ortodoncija-ivanec.hr\/wp-content\/uploads\/2022\/01\/nova-asistentica.jpg 1000w, https:\/\/ortodoncija-ivanec.hr\/wp-content\/uploads\/2022\/01\/nova-asistentica-300x300.jpg 300w, https:\/\/ortodoncija-ivanec.hr\/wp-content\/uploads\/2022\/01\/nova-asistentica-150x150.jpg 150w, https:\/\/ortodoncija-ivanec.hr\/wp-content\/uploads\/2022\/01\/nova-asistentica-768x768.jpg 768w, https:\/\/ortodoncija-ivanec.hr\/wp-content\/uploads\/2022\/01\/nova-asistentica-370x370.jpg 370w, https:\/\/ortodoncija-ivanec.hr\/wp-content\/uploads\/2022\/01\/nova-asistentica-90x90.jpg 90w, https:\/\/ortodoncija-ivanec.hr\/wp-content\/uploads\/2022\/01\/nova-asistentica-760x760.jpg 760w\" sizes=\"auto, (max-width: 1000px) 100vw, 1000px\" \/>\t\t\t\t\t\t\t\t\t\t\t\t\t\t\t<\/div>\n\t\t\t\t<\/div>\n\t\t\t\t\t<\/div>\n\t\t<\/div>\n\t\t\t\t<div class=\"elementor-column elementor-col-66 elementor-top-column elementor-element elementor-element-3d43616\" data-id=\"3d43616\" data-element_type=\"column\" data-settings=\"{&quot;background_background&quot;:&quot;classic&quot;}\">\n\t\t\t<div class=\"elementor-widget-wrap elementor-element-populated\">\n\t\t\t\t\t\t\t\t<div class=\"elementor-element elementor-element-064ff4f elementor-widget elementor-widget-heading\" data-id=\"064ff4f\" data-element_type=\"widget\" data-widget_type=\"heading.default\">\n\t\t\t\t<div class=\"elementor-widget-container\">\n\t\t\t<h2 class=\"elementor-heading-title elementor-size-default\">Karolina Tonkovi\u0107<\/h2>\t\t<\/div>\n\t\t\t\t<\/div>\n\t\t\t\t<div class=\"elementor-element elementor-element-15051ae elementor-widget elementor-widget-text-editor\" data-id=\"15051ae\" data-element_type=\"widget\" data-widget_type=\"text-editor.default\">\n\t\t\t\t<div class=\"elementor-widget-container\">\n\t\t\t\t\t\t\t<p>dentalna asistentica<\/p>\t\t\t\t\t\t<\/div>\n\t\t\t\t<\/div>\n\t\t\t\t<div class=\"elementor-element elementor-element-abc00f7 elementor-widget elementor-widget-text-editor\" data-id=\"abc00f7\" data-element_type=\"widget\" data-widget_type=\"text-editor.default\">\n\t\t\t\t<div class=\"elementor-widget-container\">\n\t\t\t\t\t\t\t<p>Karolina Tonkovi\u0107 je od 2021. \u010dlan tima ordinacije Ivanec Sapunar. Redno se izpopolnjuje na strokovnih te\u010dajih in kongresih. Vsak izziv re\u0161uje mirno in vedno z nasmehom na obrazu. Hitra, sposobna, u\u010dinkovita \u2013 prava multitasking oseba. Na\u0161e asistentke so desne roke zobozdravnikov. Z njimi se boste dogovorili za datum pregleda ali, \u010de \u017eelite spremeniti termin obiska, \u010de bo potrebno, Vas bodo tudi opogumile s kak\u0161no lepo besedo. Tiste najmlaj\u0161e, ki so obi\u010dajno tudi najbolj ob\u010dutljivi in prestra\u0161eni, pa bodo razveselile z manj\u0161imi darilci in presene\u010denji.<\/p>\t\t\t\t\t\t<\/div>\n\t\t\t\t<\/div>\n\t\t\t\t\t<\/div>\n\t\t<\/div>\n\t\t\t\t\t\t\t<\/div>\n\t\t<\/section>\n\t\t\t\t<section class=\"elementor-section elementor-top-section elementor-element elementor-element-654e73e elementor-section-boxed elementor-section-height-default elementor-section-height-default\" data-id=\"654e73e\" data-element_type=\"section\">\n\t\t\t\t\t\t<div class=\"elementor-container elementor-column-gap-default\">\n\t\t\t\t\t<div class=\"elementor-column elementor-col-33 elementor-top-column elementor-element elementor-element-116e238\" data-id=\"116e238\" data-element_type=\"column\" data-settings=\"{&quot;background_background&quot;:&quot;classic&quot;}\">\n\t\t\t<div class=\"elementor-widget-wrap elementor-element-populated\">\n\t\t\t\t\t\t\t\t<div class=\"elementor-element elementor-element-b1ae338 elementor-widget elementor-widget-image\" data-id=\"b1ae338\" data-element_type=\"widget\" data-widget_type=\"image.default\">\n\t\t\t\t<div class=\"elementor-widget-container\">\n\t\t\t\t\t\t\t\t\t\t\t\t\t\t\t<img loading=\"lazy\" decoding=\"async\" width=\"1024\" height=\"1024\" src=\"https:\/\/ortodoncija-ivanec.hr\/wp-content\/uploads\/2026\/04\/IMG_20260320_075900-1-1024x1024.webp\" class=\"elementor-animation-grow attachment-large size-large\" alt=\"\" srcset=\"https:\/\/ortodoncija-ivanec.hr\/wp-content\/uploads\/2026\/04\/IMG_20260320_075900-1-1024x1024.webp 1024w, https:\/\/ortodoncija-ivanec.hr\/wp-content\/uploads\/2026\/04\/IMG_20260320_075900-1-300x300.webp 300w, https:\/\/ortodoncija-ivanec.hr\/wp-content\/uploads\/2026\/04\/IMG_20260320_075900-1-150x150.webp 150w, https:\/\/ortodoncija-ivanec.hr\/wp-content\/uploads\/2026\/04\/IMG_20260320_075900-1-768x768.webp 768w, https:\/\/ortodoncija-ivanec.hr\/wp-content\/uploads\/2026\/04\/IMG_20260320_075900-1-1536x1536.webp 1536w, https:\/\/ortodoncija-ivanec.hr\/wp-content\/uploads\/2026\/04\/IMG_20260320_075900-1-2048x2048.webp 2048w, https:\/\/ortodoncija-ivanec.hr\/wp-content\/uploads\/2026\/04\/IMG_20260320_075900-1-370x370.webp 370w, https:\/\/ortodoncija-ivanec.hr\/wp-content\/uploads\/2026\/04\/IMG_20260320_075900-1-90x90.webp 90w, https:\/\/ortodoncija-ivanec.hr\/wp-content\/uploads\/2026\/04\/IMG_20260320_075900-1-760x760.webp 760w\" sizes=\"auto, (max-width: 1024px) 100vw, 1024px\" \/>\t\t\t\t\t\t\t\t\t\t\t\t\t\t\t<\/div>\n\t\t\t\t<\/div>\n\t\t\t\t\t<\/div>\n\t\t<\/div>\n\t\t\t\t<div class=\"elementor-column elementor-col-66 elementor-top-column elementor-element elementor-element-675eef8\" data-id=\"675eef8\" data-element_type=\"column\" data-settings=\"{&quot;background_background&quot;:&quot;classic&quot;}\">\n\t\t\t<div class=\"elementor-widget-wrap elementor-element-populated\">\n\t\t\t\t\t\t\t\t<div class=\"elementor-element elementor-element-35dc05c elementor-widget elementor-widget-heading\" data-id=\"35dc05c\" data-element_type=\"widget\" data-widget_type=\"heading.default\">\n\t\t\t\t<div class=\"elementor-widget-container\">\n\t\t\t<h2 class=\"elementor-heading-title elementor-size-default\">Lucija Krajna<\/h2>\t\t<\/div>\n\t\t\t\t<\/div>\n\t\t\t\t<div class=\"elementor-element elementor-element-94425f8 elementor-widget elementor-widget-text-editor\" data-id=\"94425f8\" data-element_type=\"widget\" data-widget_type=\"text-editor.default\">\n\t\t\t\t<div class=\"elementor-widget-container\">\n\t\t\t\t\t\t\t<p>dentalna asistentica<\/p>\t\t\t\t\t\t<\/div>\n\t\t\t\t<\/div>\n\t\t\t\t<div class=\"elementor-element elementor-element-2590070 elementor-widget elementor-widget-text-editor\" data-id=\"2590070\" data-element_type=\"widget\" data-widget_type=\"text-editor.default\">\n\t\t\t\t<div class=\"elementor-widget-container\">\n\t\t\t\t\t\t\t<p>Lucija \u0160o\u0161tarec je od 2022. \u010dlan tima ordinacije Ivanec Sapunar. Redno se izpopolnjuje na strokovnih te\u010dajih in kongresih. Vsak izziv re\u0161uje mirno in vedno z nasmehom na obrazu. Na\u0161e asistentke so desne roke zobozdravnikov. Vedno Vas bodo pri\u010dakale z velikim nasmehom na obrazu. Z njimi se boste dogovorili za datum pregleda ali, \u010de \u017eelite spremeniti termin obiska, \u010de bo potrebno, Vas bodo tudi opogumile s kak\u0161no lepo besedo. Tiste najmlaj\u0161e, ki so obi\u010dajno tudi najbolj ob\u010dutljivi in prestra\u0161eni, pa bodo razveselile z manj\u0161imi darilci in presene\u010denji.<\/p>\t\t\t\t\t\t<\/div>\n\t\t\t\t<\/div>\n\t\t\t\t\t<\/div>\n\t\t<\/div>\n\t\t\t\t\t\t\t<\/div>\n\t\t<\/section>\n\t\t\t\t<section class=\"elementor-section elementor-top-section elementor-element elementor-element-54e81e2 elementor-section-boxed elementor-section-height-default elementor-section-height-default\" data-id=\"54e81e2\" data-element_type=\"section\">\n\t\t\t\t\t\t<div class=\"elementor-container elementor-column-gap-default\">\n\t\t\t\t\t<div class=\"elementor-column elementor-col-33 elementor-top-column elementor-element elementor-element-b3e8546\" data-id=\"b3e8546\" data-element_type=\"column\" data-settings=\"{&quot;background_background&quot;:&quot;classic&quot;}\">\n\t\t\t<div class=\"elementor-widget-wrap elementor-element-populated\">\n\t\t\t\t\t\t\t\t<div class=\"elementor-element elementor-element-da31387 elementor-widget elementor-widget-image\" data-id=\"da31387\" data-element_type=\"widget\" data-widget_type=\"image.default\">\n\t\t\t\t<div class=\"elementor-widget-container\">\n\t\t\t\t\t\t\t\t\t\t\t\t\t\t\t<img loading=\"lazy\" decoding=\"async\" width=\"1024\" height=\"1024\" src=\"https:\/\/ortodoncija-ivanec.hr\/wp-content\/uploads\/2025\/01\/WhatsApp-Image-2025-01-13-at-17.55.36-1-1024x1024.jpg\" class=\"elementor-animation-grow attachment-large size-large\" alt=\"\" srcset=\"https:\/\/ortodoncija-ivanec.hr\/wp-content\/uploads\/2025\/01\/WhatsApp-Image-2025-01-13-at-17.55.36-1-1024x1024.jpg 1024w, https:\/\/ortodoncija-ivanec.hr\/wp-content\/uploads\/2025\/01\/WhatsApp-Image-2025-01-13-at-17.55.36-1-300x300.jpg 300w, https:\/\/ortodoncija-ivanec.hr\/wp-content\/uploads\/2025\/01\/WhatsApp-Image-2025-01-13-at-17.55.36-1-150x150.jpg 150w, https:\/\/ortodoncija-ivanec.hr\/wp-content\/uploads\/2025\/01\/WhatsApp-Image-2025-01-13-at-17.55.36-1-768x768.jpg 768w, https:\/\/ortodoncija-ivanec.hr\/wp-content\/uploads\/2025\/01\/WhatsApp-Image-2025-01-13-at-17.55.36-1-1536x1536.jpg 1536w, https:\/\/ortodoncija-ivanec.hr\/wp-content\/uploads\/2025\/01\/WhatsApp-Image-2025-01-13-at-17.55.36-1-2048x2048.jpg 2048w, https:\/\/ortodoncija-ivanec.hr\/wp-content\/uploads\/2025\/01\/WhatsApp-Image-2025-01-13-at-17.55.36-1-370x370.jpg 370w, https:\/\/ortodoncija-ivanec.hr\/wp-content\/uploads\/2025\/01\/WhatsApp-Image-2025-01-13-at-17.55.36-1-90x90.jpg 90w, https:\/\/ortodoncija-ivanec.hr\/wp-content\/uploads\/2025\/01\/WhatsApp-Image-2025-01-13-at-17.55.36-1-760x760.jpg 760w\" sizes=\"auto, (max-width: 1024px) 100vw, 1024px\" \/>\t\t\t\t\t\t\t\t\t\t\t\t\t\t\t<\/div>\n\t\t\t\t<\/div>\n\t\t\t\t\t<\/div>\n\t\t<\/div>\n\t\t\t\t<div class=\"elementor-column elementor-col-66 elementor-top-column elementor-element elementor-element-0dbe62c\" data-id=\"0dbe62c\" data-element_type=\"column\" data-settings=\"{&quot;background_background&quot;:&quot;classic&quot;}\">\n\t\t\t<div class=\"elementor-widget-wrap elementor-element-populated\">\n\t\t\t\t\t\t\t\t<div class=\"elementor-element elementor-element-477c9b2 elementor-widget elementor-widget-heading\" data-id=\"477c9b2\" data-element_type=\"widget\" data-widget_type=\"heading.default\">\n\t\t\t\t<div class=\"elementor-widget-container\">\n\t\t\t<h2 class=\"elementor-heading-title elementor-size-default\">Danijela Duvan\u010di\u010d<\/h2>\t\t<\/div>\n\t\t\t\t<\/div>\n\t\t\t\t<div class=\"elementor-element elementor-element-ae20f9c elementor-widget elementor-widget-text-editor\" data-id=\"ae20f9c\" data-element_type=\"widget\" data-widget_type=\"text-editor.default\">\n\t\t\t\t<div class=\"elementor-widget-container\">\n\t\t\t\t\t\t\t<p>administrator<\/p>\t\t\t\t\t\t<\/div>\n\t\t\t\t<\/div>\n\t\t\t\t<div class=\"elementor-element elementor-element-74e29d3 elementor-widget elementor-widget-text-editor\" data-id=\"74e29d3\" data-element_type=\"widget\" data-widget_type=\"text-editor.default\">\n\t\t\t\t<div class=\"elementor-widget-container\">\n\t\t\t\t\t\t\t<p>Danijela Duvan\u010di\u0107, dipl.oec., leta 2024 postane \u010dlanica ekipe ordinacije Ivanec Sapunar kot administrativna podpora timu in pacientom. Na voljo vam je za informacije o finan\u010dnih in administrativnih vpra\u0161anjih.<\/p>\t\t\t\t\t\t<\/div>\n\t\t\t\t<\/div>\n\t\t\t\t\t<\/div>\n\t\t<\/div>\n\t\t\t\t\t\t\t<\/div>\n\t\t<\/section>\n\t\t\t\t<section class=\"elementor-section elementor-top-section elementor-element elementor-element-3fdee116 elementor-section-full_width elementor-section-height-min-height elementor-section-height-default elementor-section-items-middle\" data-id=\"3fdee116\" data-element_type=\"section\" data-settings=\"{&quot;background_background&quot;:&quot;classic&quot;}\">\n\t\t\t\t\t\t<div class=\"elementor-container elementor-column-gap-default\">\n\t\t\t\t\t<div class=\"elementor-column elementor-col-100 elementor-top-column elementor-element elementor-element-356df6e0\" data-id=\"356df6e0\" data-element_type=\"column\">\n\t\t\t<div class=\"elementor-widget-wrap elementor-element-populated\">\n\t\t\t\t\t\t\t\t<div class=\"elementor-element elementor-element-179786a3 elementor-cta--skin-classic elementor-animated-content elementor-bg-transform elementor-bg-transform-zoom-in elementor-widget elementor-widget-call-to-action\" data-id=\"179786a3\" data-element_type=\"widget\" data-widget_type=\"call-to-action.default\">\n\t\t\t\t<div class=\"elementor-widget-container\">\n\t\t\t<link rel=\"stylesheet\" href=\"https:\/\/ortodoncija-ivanec.hr\/wp-content\/plugins\/elementor-pro\/assets\/css\/widget-call-to-action.min.css\">\t\t<div class=\"elementor-cta\">\n\t\t\t\t\t\t\t<div class=\"elementor-cta__content\">\n\t\t\t\t\n\t\t\t\t<h2 class=\"elementor-cta__title elementor-cta__content-item elementor-content-item\">Vrnili smo vam nasmeh na obraz\u200b<\/h2>\n\t\t\t\t\t\t\t\t\t<div class=\"elementor-cta__description elementor-cta__content-item elementor-content-item\">\n\t\t\t\t\t\t<p>Za vsa vpra\u0161anja nas kontaktirajte z zaupanjem<\/p>\n\t\t\t\t\t<\/div>\n\t\t\t\t\n\t\t\t\t\t\t\t\t\t<div class=\"elementor-cta__button-wrapper elementor-cta__content-item elementor-content-item \">\n\t\t\t\t\t<a class=\"elementor-cta__button elementor-button elementor-size-sm\" href=\"tel:%200038513861654\">\n\t\t\t\t\t\t+385 (0)1 3861 654\t\t\t\t\t<\/a>\n\t\t\t\t\t<\/div>\n\t\t\t\t\t\t\t<\/div>\n\t\t\t\t\t\t<\/div>\n\t\t\t\t<\/div>\n\t\t\t\t<\/div>\n\t\t\t\t\t<\/div>\n\t\t<\/div>\n\t\t\t\t\t\t\t<\/div>\n\t\t<\/section>\n\t\t\t\t\t\t<\/div>\n\t\t\t\t\t<\/div>\n\t\t","protected":false},"excerpt":{"rendered":"<p>O nas Zobozdravstvena ordinacija z ortodontskimi storitvami dr. Ivanec Sapunar je svoja vrata odprla leta 1996. Od takrat se krog zadovoljnih pacientov iz Hrva\u0161ke in zahodne Evrope neprestano \u0161iri. Z nenehnim spremljanjem vseh dogajanj na podro\u010dju sodobnega zobozdravstva s poudarkom na ortodontiji Vam zagotavljamo najvi\u0161je strokovne standarde.Redno strokovno izpopolnjevanje in izobra\u017eevanje ter zadovoljstvo pacientov so osnovna na\u010dela na\u0161ega dela.Strokoven in&hellip;<\/p>\n","protected":false},"author":1,"featured_media":0,"parent":0,"menu_order":0,"comment_status":"closed","ping_status":"closed","template":"elementor_header_footer","meta":{"inline_featured_image":false,"footnotes":""},"class_list":["post-3281","page","type-page","status-publish","hentry"],"yoast_head":"<!-- This site is optimized with the Yoast SEO plugin v21.6 - https:\/\/yoast.com\/wordpress\/plugins\/seo\/ -->\n<title>O nas | ORTODONT | Ortodoncija Ivanec Sapunar | Zagreb<\/title>\n<meta name=\"robots\" content=\"index, follow, max-snippet:-1, max-image-preview:large, max-video-preview:-1\" \/>\n<link rel=\"canonical\" href=\"https:\/\/ortodoncija-ivanec.hr\/sl\/o-nas\/\" \/>\n<meta property=\"og:locale\" content=\"sl_SI\" \/>\n<meta property=\"og:type\" content=\"article\" \/>\n<meta property=\"og:title\" content=\"O nas | ORTODONT | Ortodoncija Ivanec Sapunar | Zagreb\" \/>\n<meta property=\"og:description\" content=\"O nas Zobozdravstvena ordinacija z ortodontskimi storitvami dr. Ivanec Sapunar je svoja vrata odprla leta 1996. Od takrat se krog zadovoljnih pacientov iz Hrva\u0161ke in zahodne Evrope neprestano \u0161iri. Z nenehnim spremljanjem vseh dogajanj na podro\u010dju sodobnega zobozdravstva s poudarkom na ortodontiji Vam zagotavljamo najvi\u0161je strokovne standarde.Redno strokovno izpopolnjevanje in izobra\u017eevanje ter zadovoljstvo pacientov so osnovna na\u010dela na\u0161ega dela.Strokoven in&hellip;\" \/>\n<meta property=\"og:url\" content=\"https:\/\/ortodoncija-ivanec.hr\/sl\/o-nas\/\" \/>\n<meta property=\"og:site_name\" content=\"ORTODONT | Ortodoncija Ivanec Sapunar | Zagreb\" \/>\n<meta property=\"article:modified_time\" content=\"2026-04-20T16:06:42+00:00\" \/>\n<meta property=\"og:image\" content=\"https:\/\/ortodoncija-ivanec.hr\/wp-content\/uploads\/2022\/01\/mm-mala2-1024x716.jpg\" \/>\n<meta name=\"twitter:card\" content=\"summary_large_image\" \/>\n<meta name=\"twitter:label1\" content=\"Est. reading time\" \/>\n\t<meta name=\"twitter:data1\" content=\"5 minut\" \/>\n<script type=\"application\/ld+json\" class=\"yoast-schema-graph\">{\"@context\":\"https:\/\/schema.org\",\"@graph\":[{\"@type\":\"WebPage\",\"@id\":\"https:\/\/ortodoncija-ivanec.hr\/sl\/o-nas\/\",\"url\":\"https:\/\/ortodoncija-ivanec.hr\/sl\/o-nas\/\",\"name\":\"O nas | ORTODONT | Ortodoncija Ivanec Sapunar | Zagreb\",\"isPartOf\":{\"@id\":\"https:\/\/ortodoncija-ivanec.hr\/#website\"},\"datePublished\":\"2022-02-28T10:36:52+00:00\",\"dateModified\":\"2026-04-20T16:06:42+00:00\",\"breadcrumb\":{\"@id\":\"https:\/\/ortodoncija-ivanec.hr\/sl\/o-nas\/#breadcrumb\"},\"inLanguage\":\"sl-SI\",\"potentialAction\":[{\"@type\":\"ReadAction\",\"target\":[\"https:\/\/ortodoncija-ivanec.hr\/sl\/o-nas\/\"]}]},{\"@type\":\"BreadcrumbList\",\"@id\":\"https:\/\/ortodoncija-ivanec.hr\/sl\/o-nas\/#breadcrumb\",\"itemListElement\":[{\"@type\":\"ListItem\",\"position\":1,\"name\":\"Po\u010detna stranica\",\"item\":\"https:\/\/ortodoncija-ivanec.hr\/sl\/\"},{\"@type\":\"ListItem\",\"position\":2,\"name\":\"O nas\"}]},{\"@type\":\"WebSite\",\"@id\":\"https:\/\/ortodoncija-ivanec.hr\/#website\",\"url\":\"https:\/\/ortodoncija-ivanec.hr\/\",\"name\":\"ORTODONT | Ortodoncija Ivanec Sapunar | Zagreb\",\"description\":\"Ortodont Invisalign Ortodoncija Ivanec Sapunar Zagreb\",\"publisher\":{\"@id\":\"https:\/\/ortodoncija-ivanec.hr\/#organization\"},\"potentialAction\":[{\"@type\":\"SearchAction\",\"target\":{\"@type\":\"EntryPoint\",\"urlTemplate\":\"https:\/\/ortodoncija-ivanec.hr\/?s={search_term_string}\"},\"query-input\":\"required name=search_term_string\"}],\"inLanguage\":\"sl-SI\"},{\"@type\":\"Organization\",\"@id\":\"https:\/\/ortodoncija-ivanec.hr\/#organization\",\"name\":\"Specijalisti\u010dka ordinacija dentalne medicine za ortodonciju Martina Ivanec Sapunar\",\"url\":\"https:\/\/ortodoncija-ivanec.hr\/\",\"logo\":{\"@type\":\"ImageObject\",\"inLanguage\":\"sl-SI\",\"@id\":\"https:\/\/ortodoncija-ivanec.hr\/#\/schema\/logo\/image\/\",\"url\":\"https:\/\/ortodoncija-ivanec.hr\/wp-content\/uploads\/2022\/02\/novi-logo_ivanec.svg\",\"contentUrl\":\"https:\/\/ortodoncija-ivanec.hr\/wp-content\/uploads\/2022\/02\/novi-logo_ivanec.svg\",\"width\":1000,\"height\":187,\"caption\":\"Specijalisti\u010dka ordinacija dentalne medicine za ortodonciju Martina Ivanec Sapunar\"},\"image\":{\"@id\":\"https:\/\/ortodoncija-ivanec.hr\/#\/schema\/logo\/image\/\"}}]}<\/script>\n<!-- \/ Yoast SEO plugin. -->","yoast_head_json":{"title":"O nas | ORTODONT | Ortodoncija Ivanec Sapunar | Zagreb","robots":{"index":"index","follow":"follow","max-snippet":"max-snippet:-1","max-image-preview":"max-image-preview:large","max-video-preview":"max-video-preview:-1"},"canonical":"https:\/\/ortodoncija-ivanec.hr\/sl\/o-nas\/","og_locale":"sl_SI","og_type":"article","og_title":"O nas | ORTODONT | Ortodoncija Ivanec Sapunar | Zagreb","og_description":"O nas Zobozdravstvena ordinacija z ortodontskimi storitvami dr. Ivanec Sapunar je svoja vrata odprla leta 1996. Od takrat se krog zadovoljnih pacientov iz Hrva\u0161ke in zahodne Evrope neprestano \u0161iri. Z nenehnim spremljanjem vseh dogajanj na podro\u010dju sodobnega zobozdravstva s poudarkom na ortodontiji Vam zagotavljamo najvi\u0161je strokovne standarde.Redno strokovno izpopolnjevanje in izobra\u017eevanje ter zadovoljstvo pacientov so osnovna na\u010dela na\u0161ega dela.Strokoven in&hellip;","og_url":"https:\/\/ortodoncija-ivanec.hr\/sl\/o-nas\/","og_site_name":"ORTODONT | Ortodoncija Ivanec Sapunar | Zagreb","article_modified_time":"2026-04-20T16:06:42+00:00","og_image":[{"url":"https:\/\/ortodoncija-ivanec.hr\/wp-content\/uploads\/2022\/01\/mm-mala2-1024x716.jpg"}],"twitter_card":"summary_large_image","twitter_misc":{"Est. reading time":"5 minut"},"schema":{"@context":"https:\/\/schema.org","@graph":[{"@type":"WebPage","@id":"https:\/\/ortodoncija-ivanec.hr\/sl\/o-nas\/","url":"https:\/\/ortodoncija-ivanec.hr\/sl\/o-nas\/","name":"O nas | ORTODONT | Ortodoncija Ivanec Sapunar | Zagreb","isPartOf":{"@id":"https:\/\/ortodoncija-ivanec.hr\/#website"},"datePublished":"2022-02-28T10:36:52+00:00","dateModified":"2026-04-20T16:06:42+00:00","breadcrumb":{"@id":"https:\/\/ortodoncija-ivanec.hr\/sl\/o-nas\/#breadcrumb"},"inLanguage":"sl-SI","potentialAction":[{"@type":"ReadAction","target":["https:\/\/ortodoncija-ivanec.hr\/sl\/o-nas\/"]}]},{"@type":"BreadcrumbList","@id":"https:\/\/ortodoncija-ivanec.hr\/sl\/o-nas\/#breadcrumb","itemListElement":[{"@type":"ListItem","position":1,"name":"Po\u010detna stranica","item":"https:\/\/ortodoncija-ivanec.hr\/sl\/"},{"@type":"ListItem","position":2,"name":"O nas"}]},{"@type":"WebSite","@id":"https:\/\/ortodoncija-ivanec.hr\/#website","url":"https:\/\/ortodoncija-ivanec.hr\/","name":"ORTODONT | Ortodoncija Ivanec Sapunar | Zagreb","description":"Ortodont Invisalign Ortodoncija Ivanec Sapunar Zagreb","publisher":{"@id":"https:\/\/ortodoncija-ivanec.hr\/#organization"},"potentialAction":[{"@type":"SearchAction","target":{"@type":"EntryPoint","urlTemplate":"https:\/\/ortodoncija-ivanec.hr\/?s={search_term_string}"},"query-input":"required name=search_term_string"}],"inLanguage":"sl-SI"},{"@type":"Organization","@id":"https:\/\/ortodoncija-ivanec.hr\/#organization","name":"Specijalisti\u010dka ordinacija dentalne medicine za ortodonciju Martina Ivanec Sapunar","url":"https:\/\/ortodoncija-ivanec.hr\/","logo":{"@type":"ImageObject","inLanguage":"sl-SI","@id":"https:\/\/ortodoncija-ivanec.hr\/#\/schema\/logo\/image\/","url":"https:\/\/ortodoncija-ivanec.hr\/wp-content\/uploads\/2022\/02\/novi-logo_ivanec.svg","contentUrl":"https:\/\/ortodoncija-ivanec.hr\/wp-content\/uploads\/2022\/02\/novi-logo_ivanec.svg","width":1000,"height":187,"caption":"Specijalisti\u010dka ordinacija dentalne medicine za ortodonciju Martina Ivanec Sapunar"},"image":{"@id":"https:\/\/ortodoncija-ivanec.hr\/#\/schema\/logo\/image\/"}}]}},"_links":{"self":[{"href":"https:\/\/ortodoncija-ivanec.hr\/sl\/wp-json\/wp\/v2\/pages\/3281","targetHints":{"allow":["GET"]}}],"collection":[{"href":"https:\/\/ortodoncija-ivanec.hr\/sl\/wp-json\/wp\/v2\/pages"}],"about":[{"href":"https:\/\/ortodoncija-ivanec.hr\/sl\/wp-json\/wp\/v2\/types\/page"}],"author":[{"embeddable":true,"href":"https:\/\/ortodoncija-ivanec.hr\/sl\/wp-json\/wp\/v2\/users\/1"}],"replies":[{"embeddable":true,"href":"https:\/\/ortodoncija-ivanec.hr\/sl\/wp-json\/wp\/v2\/comments?post=3281"}],"version-history":[{"count":49,"href":"https:\/\/ortodoncija-ivanec.hr\/sl\/wp-json\/wp\/v2\/pages\/3281\/revisions"}],"predecessor-version":[{"id":4387,"href":"https:\/\/ortodoncija-ivanec.hr\/sl\/wp-json\/wp\/v2\/pages\/3281\/revisions\/4387"}],"wp:attachment":[{"href":"https:\/\/ortodoncija-ivanec.hr\/sl\/wp-json\/wp\/v2\/media?parent=3281"}],"curies":[{"name":"wp","href":"https:\/\/api.w.org\/{rel}","templated":true}]}}